{"id":16843,"date":"2023-05-12T14:55:18","date_gmt":"2023-05-12T12:55:18","guid":{"rendered":"https:\/\/www.asajacyl.com\/salamanca\/wp-content\/uploads\/sites\/7\/2023\/05\/logo-nuevo-ganaderia.jpg"},"modified":"2023-05-12T14:55:18","modified_gmt":"2023-05-12T12:55:18","slug":"logo-nuevo-ganaderia","status":"inherit","type":"attachment","link":"https:\/\/www.asajacyl.com\/salamanca\/tuberculosis-bovina\/union-por-la-ganaderia-pone-fecha-limite-al-cambio-en-la-gestion-sanitaria-12-de-junio\/attachment\/logo-nuevo-ganaderia","title":{"rendered":"logo nuevo ganaderia"},"author":10,"featured_media":0,"comment_status":"open","ping_status":"closed","template":"","meta":[],"yoast_head":"<!-- This site is optimized with the Yoast SEO plugin v24.5 - https:\/\/yoast.com\/wordpress\/plugins\/seo\/ -->\n<title>logo nuevo ganaderia - ASAJA Salamanca<\/title>\n<meta name=\"robots\" content=\"index, follow, max-snippet:-1, max-image-preview:large, max-video-preview:-1\" \/>\n<link rel=\"canonical\" href=\"https:\/\/www.asajacyl.com\/salamanca\/wp-content\/uploads\/sites\/7\/2023\/05\/logo-nuevo-ganaderia.jpg\" \/>\n<meta property=\"og:locale\" content=\"es_ES\" \/>\n<meta property=\"og:type\" content=\"article\" \/>\n<meta property=\"og:title\" content=\"logo nuevo ganaderia - ASAJA Salamanca\" \/>\n<meta property=\"og:url\" content=\"https:\/\/www.asajacyl.com\/salamanca\/wp-content\/uploads\/sites\/7\/2023\/05\/logo-nuevo-ganaderia.jpg\" \/>\n<meta property=\"og:site_name\" content=\"ASAJA Salamanca\" \/>\n<meta property=\"og:image\" content=\"https:\/\/www.asajacyl.com\/salamanca\/wp-content\/uploads\/sites\/7\/2023\/05\/logo-nuevo-ganaderia.jpg\" \/>\n\t<meta property=\"og:image:width\" content=\"1\" \/>\n\t<meta property=\"og:image:height\" content=\"1\" \/>\n\t<meta property=\"og:image:type\" content=\"image\/jpeg\" \/>\n<meta name=\"twitter:card\" content=\"summary_large_image\" \/>\n<script type=\"application\/ld+json\" class=\"yoast-schema-graph\">{\"@context\":\"https:\/\/schema.org\",\"@graph\":[{\"@type\":\"WebPage\",\"@id\":\"https:\/\/www.asajacyl.com\/salamanca\/wp-content\/uploads\/sites\/7\/2023\/05\/logo-nuevo-ganaderia.jpg\",\"url\":\"https:\/\/www.asajacyl.com\/salamanca\/wp-content\/uploads\/sites\/7\/2023\/05\/logo-nuevo-ganaderia.jpg\",\"name\":\"logo nuevo ganaderia - ASAJA Salamanca\",\"isPartOf\":{\"@id\":\"https:\/\/www.asajacyl.com\/salamanca\/#website\"},\"datePublished\":\"2023-05-12T12:55:18+00:00\",\"breadcrumb\":{\"@id\":\"https:\/\/www.asajacyl.com\/salamanca\/wp-content\/uploads\/sites\/7\/2023\/05\/logo-nuevo-ganaderia.jpg#breadcrumb\"},\"inLanguage\":\"es\",\"potentialAction\":[{\"@type\":\"ReadAction\",\"target\":[\"https:\/\/www.asajacyl.com\/salamanca\/wp-content\/uploads\/sites\/7\/2023\/05\/logo-nuevo-ganaderia.jpg\"]}]},{\"@type\":\"BreadcrumbList\",\"@id\":\"https:\/\/www.asajacyl.com\/salamanca\/wp-content\/uploads\/sites\/7\/2023\/05\/logo-nuevo-ganaderia.jpg#breadcrumb\",\"itemListElement\":[{\"@type\":\"ListItem\",\"position\":1,\"name\":\"Portada\",\"item\":\"https:\/\/www.asajacyl.com\/salamanca\/\"},{\"@type\":\"ListItem\",\"position\":2,\"name\":\"Uni\u00f3n por la Ganader\u00eda pone fecha l\u00edmite al cambio en la gesti\u00f3n sanitaria: 12 de junio\",\"item\":\"https:\/\/www.asajacyl.com\/salamanca\/tuberculosis-bovina\/union-por-la-ganaderia-pone-fecha-limite-al-cambio-en-la-gestion-sanitaria-12-de-junio\"},{\"@type\":\"ListItem\",\"position\":3,\"name\":\"logo nuevo ganaderia\"}]},{\"@type\":\"WebSite\",\"@id\":\"https:\/\/www.asajacyl.com\/salamanca\/#website\",\"url\":\"https:\/\/www.asajacyl.com\/salamanca\/\",\"name\":\"ASAJA Salamanca\",\"description\":\"Otro sitio m\u00e1s de Provincias ASAJA Castilla y Le\u00f3n\",\"potentialAction\":[{\"@type\":\"SearchAction\",\"target\":{\"@type\":\"EntryPoint\",\"urlTemplate\":\"https:\/\/www.asajacyl.com\/salamanca\/?s={search_term_string}\"},\"query-input\":{\"@type\":\"PropertyValueSpecification\",\"valueRequired\":true,\"valueName\":\"search_term_string\"}}],\"inLanguage\":\"es\"}]}<\/script>\n<!-- \/ Yoast SEO plugin. -->","yoast_head_json":{"title":"logo nuevo ganaderia - ASAJA Salamanca","robots":{"index":"index","follow":"follow","max-snippet":"max-snippet:-1","max-image-preview":"max-image-preview:large","max-video-preview":"max-video-preview:-1"},"canonical":"https:\/\/www.asajacyl.com\/salamanca\/wp-content\/uploads\/sites\/7\/2023\/05\/logo-nuevo-ganaderia.jpg","og_locale":"es_ES","og_type":"article","og_title":"logo nuevo ganaderia - ASAJA Salamanca","og_url":"https:\/\/www.asajacyl.com\/salamanca\/wp-content\/uploads\/sites\/7\/2023\/05\/logo-nuevo-ganaderia.jpg","og_site_name":"ASAJA Salamanca","og_image":[{"url":"https:\/\/www.asajacyl.com\/salamanca\/wp-content\/uploads\/sites\/7\/2023\/05\/logo-nuevo-ganaderia.jpg","width":1,"height":1,"type":"image\/jpeg"}],"twitter_card":"summary_large_image","schema":{"@context":"https:\/\/schema.org","@graph":[{"@type":"WebPage","@id":"https:\/\/www.asajacyl.com\/salamanca\/wp-content\/uploads\/sites\/7\/2023\/05\/logo-nuevo-ganaderia.jpg","url":"https:\/\/www.asajacyl.com\/salamanca\/wp-content\/uploads\/sites\/7\/2023\/05\/logo-nuevo-ganaderia.jpg","name":"logo nuevo ganaderia - ASAJA Salamanca","isPartOf":{"@id":"https:\/\/www.asajacyl.com\/salamanca\/#website"},"datePublished":"2023-05-12T12:55:18+00:00","breadcrumb":{"@id":"https:\/\/www.asajacyl.com\/salamanca\/wp-content\/uploads\/sites\/7\/2023\/05\/logo-nuevo-ganaderia.jpg#breadcrumb"},"inLanguage":"es","potentialAction":[{"@type":"ReadAction","target":["https:\/\/www.asajacyl.com\/salamanca\/wp-content\/uploads\/sites\/7\/2023\/05\/logo-nuevo-ganaderia.jpg"]}]},{"@type":"BreadcrumbList","@id":"https:\/\/www.asajacyl.com\/salamanca\/wp-content\/uploads\/sites\/7\/2023\/05\/logo-nuevo-ganaderia.jpg#breadcrumb","itemListElement":[{"@type":"ListItem","position":1,"name":"Portada","item":"https:\/\/www.asajacyl.com\/salamanca\/"},{"@type":"ListItem","position":2,"name":"Uni\u00f3n por la Ganader\u00eda pone fecha l\u00edmite al cambio en la gesti\u00f3n sanitaria: 12 de junio","item":"https:\/\/www.asajacyl.com\/salamanca\/tuberculosis-bovina\/union-por-la-ganaderia-pone-fecha-limite-al-cambio-en-la-gestion-sanitaria-12-de-junio"},{"@type":"ListItem","position":3,"name":"logo nuevo ganaderia"}]},{"@type":"WebSite","@id":"https:\/\/www.asajacyl.com\/salamanca\/#website","url":"https:\/\/www.asajacyl.com\/salamanca\/","name":"ASAJA Salamanca","description":"Otro sitio m\u00e1s de Provincias ASAJA Castilla y Le\u00f3n","potentialAction":[{"@type":"SearchAction","target":{"@type":"EntryPoint","urlTemplate":"https:\/\/www.asajacyl.com\/salamanca\/?s={search_term_string}"},"query-input":{"@type":"PropertyValueSpecification","valueRequired":true,"valueName":"search_term_string"}}],"inLanguage":"es"}]}},"description":{"rendered":"<p class=\"attachment\"><a href='https:\/\/www.asajacyl.com\/salamanca\/wp-content\/uploads\/sites\/7\/2023\/05\/logo-nuevo-ganaderia.jpg'><img loading=\"lazy\" decoding=\"async\" width=\"300\" height=\"218\" src=\"https:\/\/www.asajacyl.com\/salamanca\/wp-content\/uploads\/sites\/7\/2023\/05\/logo-nuevo-ganaderia-300x218.jpg\" class=\"attachment-medium size-medium\" alt=\"\" srcset=\"https:\/\/www.asajacyl.com\/salamanca\/wp-content\/uploads\/sites\/7\/2023\/05\/logo-nuevo-ganaderia-300x218.jpg 300w, https:\/\/www.asajacyl.com\/salamanca\/wp-content\/uploads\/sites\/7\/2023\/05\/logo-nuevo-ganaderia-1024x743.jpg 1024w, https:\/\/www.asajacyl.com\/salamanca\/wp-content\/uploads\/sites\/7\/2023\/05\/logo-nuevo-ganaderia-768x557.jpg 768w, https:\/\/www.asajacyl.com\/salamanca\/wp-content\/uploads\/sites\/7\/2023\/05\/logo-nuevo-ganaderia-1536x1115.jpg 1536w, https:\/\/www.asajacyl.com\/salamanca\/wp-content\/uploads\/sites\/7\/2023\/05\/logo-nuevo-ganaderia-2048x1486.jpg 2048w, https:\/\/www.asajacyl.com\/salamanca\/wp-content\/uploads\/sites\/7\/2023\/05\/logo-nuevo-ganaderia-696x505.jpg 696w, https:\/\/www.asajacyl.com\/salamanca\/wp-content\/uploads\/sites\/7\/2023\/05\/logo-nuevo-ganaderia-1068x775.jpg 1068w, https:\/\/www.asajacyl.com\/salamanca\/wp-content\/uploads\/sites\/7\/2023\/05\/logo-nuevo-ganaderia-1920x1393.jpg 1920w, https:\/\/www.asajacyl.com\/salamanca\/wp-content\/uploads\/sites\/7\/2023\/05\/logo-nuevo-ganaderia-579x420.jpg 579w, https:\/\/www.asajacyl.com\/salamanca\/wp-content\/uploads\/sites\/7\/2023\/05\/logo-nuevo-ganaderia-324x235.jpg 324w\" sizes=\"(max-width: 300px) 100vw, 300px\" \/><\/a><\/p>\n"},"caption":{"rendered":""},"alt_text":"","media_type":"image","mime_type":"image\/jpeg","media_details":{"width":2500,"height":1814,"file":"2023\/05\/logo-nuevo-ganaderia.jpg","filesize":166960,"sizes":{"medium":{"file":"logo-nuevo-ganaderia-300x218.jpg","width":300,"height":218,"filesize":11437,"mime_type":"image\/jpeg","source_url":"https:\/\/www.asajacyl.com\/salamanca\/wp-content\/uploads\/sites\/7\/2023\/05\/logo-nuevo-ganaderia-300x218.jpg"},"large":{"file":"logo-nuevo-ganaderia-1024x743.jpg","width":1024,"height":743,"filesize":57407,"mime_type":"image\/jpeg","source_url":"https:\/\/www.asajacyl.com\/salamanca\/wp-content\/uploads\/sites\/7\/2023\/05\/logo-nuevo-ganaderia-1024x743.jpg"},"thumbnail":{"file":"logo-nuevo-ganaderia-150x150.jpg","width":150,"height":150,"filesize":5792,"mime_type":"image\/jpeg","source_url":"https:\/\/www.asajacyl.com\/salamanca\/wp-content\/uploads\/sites\/7\/2023\/05\/logo-nuevo-ganaderia-150x150.jpg"},"medium_large":{"file":"logo-nuevo-ganaderia-768x557.jpg","width":768,"height":557,"filesize":40584,"mime_type":"image\/jpeg","source_url":"https:\/\/www.asajacyl.com\/salamanca\/wp-content\/uploads\/sites\/7\/2023\/05\/logo-nuevo-ganaderia-768x557.jpg"},"1536x1536":{"file":"logo-nuevo-ganaderia-1536x1115.jpg","width":1536,"height":1115,"filesize":91662,"mime_type":"image\/jpeg","source_url":"https:\/\/www.asajacyl.com\/salamanca\/wp-content\/uploads\/sites\/7\/2023\/05\/logo-nuevo-ganaderia-1536x1115.jpg"},"2048x2048":{"file":"logo-nuevo-ganaderia-2048x1486.jpg","width":2048,"height":1486,"filesize":126335,"mime_type":"image\/jpeg","source_url":"https:\/\/www.asajacyl.com\/salamanca\/wp-content\/uploads\/sites\/7\/2023\/05\/logo-nuevo-ganaderia-2048x1486.jpg"},"mx8-opinion":{"file":"logo-nuevo-ganaderia-696x518.jpg","width":696,"height":518,"filesize":36793,"mime_type":"image\/jpeg","source_url":"https:\/\/www.asajacyl.com\/salamanca\/wp-content\/uploads\/sites\/7\/2023\/05\/logo-nuevo-ganaderia-696x518.jpg"},"mx8-publicacion":{"file":"logo-nuevo-ganaderia-324x437.jpg","width":324,"height":437,"filesize":18854,"mime_type":"image\/jpeg","source_url":"https:\/\/www.asajacyl.com\/salamanca\/wp-content\/uploads\/sites\/7\/2023\/05\/logo-nuevo-ganaderia-324x437.jpg"},"td_218x150":{"file":"logo-nuevo-ganaderia-218x150.jpg","width":218,"height":150,"filesize":7550,"mime_type":"image\/jpeg","source_url":"https:\/\/www.asajacyl.com\/salamanca\/wp-content\/uploads\/sites\/7\/2023\/05\/logo-nuevo-ganaderia-218x150.jpg"},"td_485x360":{"file":"logo-nuevo-ganaderia-485x360.jpg","width":485,"height":360,"filesize":23456,"mime_type":"image\/jpeg","source_url":"https:\/\/www.asajacyl.com\/salamanca\/wp-content\/uploads\/sites\/7\/2023\/05\/logo-nuevo-ganaderia-485x360.jpg"},"td_696x0":{"file":"logo-nuevo-ganaderia-696x505.jpg","width":696,"height":505,"filesize":36193,"mime_type":"image\/jpeg","source_url":"https:\/\/www.asajacyl.com\/salamanca\/wp-content\/uploads\/sites\/7\/2023\/05\/logo-nuevo-ganaderia-696x505.jpg"},"td_1068x0":{"file":"logo-nuevo-ganaderia-1068x775.jpg","width":1068,"height":775,"filesize":60531,"mime_type":"image\/jpeg","source_url":"https:\/\/www.asajacyl.com\/salamanca\/wp-content\/uploads\/sites\/7\/2023\/05\/logo-nuevo-ganaderia-1068x775.jpg"},"td_1920x0":{"file":"logo-nuevo-ganaderia-1920x1393.jpg","width":1920,"height":1393,"filesize":118133,"mime_type":"image\/jpeg","source_url":"https:\/\/www.asajacyl.com\/salamanca\/wp-content\/uploads\/sites\/7\/2023\/05\/logo-nuevo-ganaderia-1920x1393.jpg"},"td_0x420":{"file":"logo-nuevo-ganaderia-579x420.jpg","width":579,"height":420,"filesize":28644,"mime_type":"image\/jpeg","source_url":"https:\/\/www.asajacyl.com\/salamanca\/wp-content\/uploads\/sites\/7\/2023\/05\/logo-nuevo-ganaderia-579x420.jpg"},"td_80x60":{"file":"logo-nuevo-ganaderia-80x60.jpg","width":80,"height":60,"filesize":2163,"mime_type":"image\/jpeg","source_url":"https:\/\/www.asajacyl.com\/salamanca\/wp-content\/uploads\/sites\/7\/2023\/05\/logo-nuevo-ganaderia-80x60.jpg"},"td_324x160":{"file":"logo-nuevo-ganaderia-324x160.jpg","width":324,"height":160,"filesize":7653,"mime_type":"image\/jpeg","source_url":"https:\/\/www.asajacyl.com\/salamanca\/wp-content\/uploads\/sites\/7\/2023\/05\/logo-nuevo-ganaderia-324x160.jpg"},"td_324x235":{"file":"logo-nuevo-ganaderia-324x235.jpg","width":324,"height":235,"filesize":12742,"mime_type":"image\/jpeg","source_url":"https:\/\/www.asajacyl.com\/salamanca\/wp-content\/uploads\/sites\/7\/2023\/05\/logo-nuevo-ganaderia-324x235.jpg"},"td_356x220":{"file":"logo-nuevo-ganaderia-356x220.jpg","width":356,"height":220,"filesize":11469,"mime_type":"image\/jpeg","source_url":"https:\/\/www.asajacyl.com\/salamanca\/wp-content\/uploads\/sites\/7\/2023\/05\/logo-nuevo-ganaderia-356x220.jpg"},"td_356x364":{"file":"logo-nuevo-ganaderia-356x364.jpg","width":356,"height":364,"filesize":18922,"mime_type":"image\/jpeg","source_url":"https:\/\/www.asajacyl.com\/salamanca\/wp-content\/uploads\/sites\/7\/2023\/05\/logo-nuevo-ganaderia-356x364.jpg"},"td_534x462":{"file":"logo-nuevo-ganaderia-534x462.jpg","width":534,"height":462,"filesize":29263,"mime_type":"image\/jpeg","source_url":"https:\/\/www.asajacyl.com\/salamanca\/wp-content\/uploads\/sites\/7\/2023\/05\/logo-nuevo-ganaderia-534x462.jpg"},"td_696x385":{"file":"logo-nuevo-ganaderia-696x385.jpg","width":696,"height":385,"filesize":23867,"mime_type":"image\/jpeg","source_url":"https:\/\/www.asajacyl.com\/salamanca\/wp-content\/uploads\/sites\/7\/2023\/05\/logo-nuevo-ganaderia-696x385.jpg"},"td_741x486":{"file":"logo-nuevo-ganaderia-741x486.jpg","width":741,"height":486,"filesize":34025,"mime_type":"image\/jpeg","source_url":"https:\/\/www.asajacyl.com\/salamanca\/wp-content\/uploads\/sites\/7\/2023\/05\/logo-nuevo-ganaderia-741x486.jpg"},"td_1068x580":{"file":"logo-nuevo-ganaderia-1068x580.jpg","width":1068,"height":580,"filesize":38955,"mime_type":"image\/jpeg","source_url":"https:\/\/www.asajacyl.com\/salamanca\/wp-content\/uploads\/sites\/7\/2023\/05\/logo-nuevo-ganaderia-1068x580.jpg"},"cmplz_banner_image":{"file":"logo-nuevo-ganaderia-350x100.jpg","width":350,"height":100,"filesize":5912,"mime_type":"image\/jpeg","source_url":"https:\/\/www.asajacyl.com\/salamanca\/wp-content\/uploads\/sites\/7\/2023\/05\/logo-nuevo-ganaderia-350x100.jpg"},"full":{"file":"logo-nuevo-ganaderia.jpg","width":2500,"height":1814,"mime_type":"image\/jpeg","source_url":"https:\/\/www.asajacyl.com\/salamanca\/wp-content\/uploads\/sites\/7\/2023\/05\/logo-nuevo-ganaderia.jpg"}},"image_meta":{"aperture":"0","credit":"","camera":"","caption":"","created_timestamp":"0","copyright":"","focal_length":"0","iso":"0","shutter_speed":"0","title":"","orientation":"1","keywords":[]}},"post":16842,"source_url":"https:\/\/www.asajacyl.com\/salamanca\/wp-content\/uploads\/sites\/7\/2023\/05\/logo-nuevo-ganaderia.jpg","_links":{"self":[{"href":"https:\/\/www.asajacyl.com\/salamanca\/wp-json\/wp\/v2\/media\/16843"}],"collection":[{"href":"https:\/\/www.asajacyl.com\/salamanca\/wp-json\/wp\/v2\/media"}],"about":[{"href":"https:\/\/www.asajacyl.com\/salamanca\/wp-json\/wp\/v2\/types\/attachment"}],"author":[{"embeddable":true,"href":"https:\/\/www.asajacyl.com\/salamanca\/wp-json\/wp\/v2\/users\/10"}],"replies":[{"embeddable":true,"href":"https:\/\/www.asajacyl.com\/salamanca\/wp-json\/wp\/v2\/comments?post=16843"}]}}