{"id":9915,"date":"2026-04-22T17:37:12","date_gmt":"2026-04-22T15:37:12","guid":{"rendered":"https:\/\/www.asajacyl.com\/soria\/?page_id=9915"},"modified":"2026-04-24T13:50:29","modified_gmt":"2026-04-24T11:50:29","slug":"cuestionario-jornada-de-fertilizacion-sostenible-2026","status":"publish","type":"page","link":"https:\/\/www.asajacyl.com\/soria\/cuestionario-jornada-de-fertilizacion-sostenible-2026","title":{"rendered":"Cuestionario Jornada de Fertilizaci\u00f3n Sostenible 2026"},"content":{"rendered":"\n<div class=\"wpcf7 no-js\" id=\"wpcf7-f9914-o1\" lang=\"es-ES\" dir=\"ltr\">\n<div class=\"screen-reader-response\"><p role=\"status\" aria-live=\"polite\" aria-atomic=\"true\"><\/p> <ul><\/ul><\/div>\n<form action=\"\/soria\/wp-json\/wp\/v2\/pages\/9915#wpcf7-f9914-o1\" method=\"post\" class=\"wpcf7-form init\" aria-label=\"Formulario de contacto\" novalidate=\"novalidate\" data-status=\"init\">\n<div style=\"display: none;\">\n<input type=\"hidden\" name=\"_wpcf7\" value=\"9914\" \/>\n<input type=\"hidden\" name=\"_wpcf7_version\" value=\"5.9.8\" \/>\n<input type=\"hidden\" name=\"_wpcf7_locale\" value=\"es_ES\" \/>\n<input type=\"hidden\" name=\"_wpcf7_unit_tag\" value=\"wpcf7-f9914-o1\" \/>\n<input type=\"hidden\" name=\"_wpcf7_container_post\" value=\"0\" \/>\n<input type=\"hidden\" name=\"_wpcf7_posted_data_hash\" value=\"\" \/>\n<input type=\"hidden\" name=\"_wpcf7_recaptcha_response\" value=\"\" \/>\n<\/div>\n<p>DATOS DE CONTACTO\n<\/p>\n<p><label> Nombre y apellidos*:<br \/>\n<span class=\"wpcf7-form-control-wrap\" data-name=\"nombreapellidos\"><input size=\"40\" maxlength=\"400\" class=\"wpcf7-form-control wpcf7-text wpcf7-validates-as-required\" aria-required=\"true\" aria-invalid=\"false\" value=\"\" type=\"text\" name=\"nombreapellidos\" \/><\/span> <\/label>\n<\/p>\n<p><label> Empresa*:<br \/>\n<span class=\"wpcf7-form-control-wrap\" data-name=\"empresa\"><input size=\"40\" maxlength=\"400\" class=\"wpcf7-form-control wpcf7-text wpcf7-validates-as-required\" aria-required=\"true\" aria-invalid=\"false\" value=\"\" type=\"text\" name=\"empresa\" \/><\/span> <\/label>\n<\/p>\n<p><label> Correo electr\u00f3nico*:<br \/>\n<span class=\"wpcf7-form-control-wrap\" data-name=\"email\"><input size=\"40\" maxlength=\"400\" class=\"wpcf7-form-control wpcf7-email wpcf7-validates-as-required wpcf7-text wpcf7-validates-as-email\" aria-required=\"true\" aria-invalid=\"false\" value=\"\" type=\"email\" name=\"email\" \/><\/span> <\/label>\n<\/p>\n<p><label> Tel\u00e9fono:<br \/>\n<span class=\"wpcf7-form-control-wrap\" data-name=\"telefono\"><input size=\"40\" maxlength=\"400\" class=\"wpcf7-form-control wpcf7-tel wpcf7-text wpcf7-validates-as-tel\" aria-invalid=\"false\" value=\"\" type=\"tel\" name=\"telefono\" \/><\/span> <\/label>\n<\/p>\n<p>INFORMACI\u00d3N: Escriba aqu\u00ed sus aportaciones, reivindicaciones, ideas o demandas.\n<\/p>\n<p><label> Mesa 1\u00aa de Avances tecnol\u00f3gicos en la fertilizaci\u00f3n comercial<br \/>\n<span class=\"wpcf7-form-control-wrap\" data-name=\"mesa1\"><textarea cols=\"40\" rows=\"10\" maxlength=\"2000\" class=\"wpcf7-form-control wpcf7-textarea\" aria-invalid=\"false\" name=\"mesa1\"><\/textarea><\/span> <\/label>\n<\/p>\n<p><label> Mesa 2\u00aa de Avances tecnol\u00f3gicos en la aplicaci\u00f3n de fertilizante en cultivos<br \/>\n<span class=\"wpcf7-form-control-wrap\" data-name=\"mesa2\"><textarea cols=\"40\" rows=\"10\" maxlength=\"2000\" class=\"wpcf7-form-control wpcf7-textarea\" aria-invalid=\"false\" name=\"mesa2\"><\/textarea><\/span> <\/label>\n<\/p>\n<p><label> Mesa 3\u00aa La ganader\u00eda y fertilizaci\u00f3n org\u00e1nica natural<br \/>\n<span class=\"wpcf7-form-control-wrap\" data-name=\"mesa3\"><textarea cols=\"40\" rows=\"10\" maxlength=\"2000\" class=\"wpcf7-form-control wpcf7-textarea\" aria-invalid=\"false\" name=\"mesa3\"><\/textarea><\/span> <\/label>\n<\/p>\n<p><label> Mesa 4\u00aa Productos valorizables de origen org\u00e1nico en la fertilizaci\u00f3n<br \/>\n<span class=\"wpcf7-form-control-wrap\" data-name=\"mesa4\"><textarea cols=\"40\" rows=\"10\" maxlength=\"2000\" class=\"wpcf7-form-control wpcf7-textarea\" aria-invalid=\"false\" name=\"mesa4\"><\/textarea><\/span> <\/label>\n<\/p>\n<p><span class=\"wpcf7-form-control-wrap\" data-name=\"acceptance-204\"><span class=\"wpcf7-form-control wpcf7-acceptance\"><span class=\"wpcf7-list-item\"><input type=\"checkbox\" name=\"acceptance-204\" value=\"1\" aria-invalid=\"false\" \/><\/span><\/span><\/span><a name=\"privacidad\" id=\"privacidad_link\" href=\"#privacidad\" title=\"He le\u00eddo y acepto la pol\u00edtica de privacidad\">He le\u00eddo y acepto la pol\u00edtica de privacidad<\/a>.\n<\/p>\n<p id=\"privacidad_info_wrapper\" style=\"display:none;\">Los datos de car\u00e1cter personal que usted nos env\u00eda a trav\u00e9s de este formulario podr\u00e1n ser incorporados a nuestros ficheros de tratamiento manual o automatizado.<br \/>\nLos afectados tendr\u00e1n derecho en los t\u00e9rminos previstos en la Ley Org\u00e1nica 15\/99 de 13 de diciembre, de protecci\u00f3n de datos de car\u00e1cter personal y en las dem\u00e1s normas que la desarrollan, a conocer, rectificar y cancelar los datos de car\u00e1cter personal inclu\u00eddos en estos ficheros. Al enviar los anteriores datos el afectado acepta el tratamiento que podamos dar a los mismos.<br \/>\nSi desea ponerse en contacto con nosotros para conocer, rectificar o cancelar sus datos puede hacerlo a trav\u00e9s de la correspondiente direcci\u00f3n que figura en la Informaci\u00f3n legal de este sitio web.<br \/>\nGracias por su atenci\u00f3n.\n<\/p>\n<p><script>jQuery('#privacidad_link').click(function (e) { e.preventDefault(); jQuery('#privacidad_info_wrapper').toggle()});<\/script>\n<\/p>\n\n<p><input class=\"wpcf7-form-control wpcf7-submit has-spinner\" type=\"submit\" value=\"Enviar\" \/>\n<\/p><input type='hidden' class='wpcf7-pum' value='{\"closepopup\":false,\"closedelay\":0,\"openpopup\":false,\"openpopup_id\":0}' \/><div class=\"wpcf7-response-output\" aria-hidden=\"true\"><\/div>\n<\/form>\n<\/div>\n\n","protected":false},"excerpt":{"rendered":"<p>DATOS DE CONTACTO Nombre y apellidos*: Empresa*: Correo electr\u00f3nico*: Tel\u00e9fono: INFORMACI\u00d3N: Escriba aqu\u00ed sus aportaciones, reivindicaciones, ideas o demandas. Mesa 1\u00aa de Avances tecnol\u00f3gicos en la fertilizaci\u00f3n comercial Mesa 2\u00aa de Avances tecnol\u00f3gicos en la aplicaci\u00f3n de fertilizante en cultivos Mesa 3\u00aa La ganader\u00eda y fertilizaci\u00f3n org\u00e1nica natural Mesa 4\u00aa Productos valorizables de origen org\u00e1nico [...]<\/p>\n","protected":false},"author":3,"featured_media":293,"parent":0,"menu_order":0,"comment_status":"closed","ping_status":"closed","template":"","meta":{"footnotes":""},"yoast_head":"<!-- This site is optimized with the Yoast SEO plugin v24.5 - https:\/\/yoast.com\/wordpress\/plugins\/seo\/ -->\n<title>Cuestionario Jornada de Fertilizaci\u00f3n Sostenible 2026 - ASAJA Soria<\/title>\n<meta name=\"robots\" content=\"index, follow, max-snippet:-1, max-image-preview:large, max-video-preview:-1\" \/>\n<link rel=\"canonical\" href=\"https:\/\/www.asajacyl.com\/soria\/cuestionario-jornada-de-fertilizacion-sostenible-2026\" \/>\n<meta property=\"og:locale\" content=\"es_ES\" \/>\n<meta property=\"og:type\" content=\"article\" \/>\n<meta property=\"og:title\" content=\"Cuestionario Jornada de Fertilizaci\u00f3n Sostenible 2026 - ASAJA Soria\" \/>\n<meta property=\"og:url\" content=\"https:\/\/www.asajacyl.com\/soria\/cuestionario-jornada-de-fertilizacion-sostenible-2026\" \/>\n<meta property=\"og:site_name\" content=\"ASAJA Soria\" \/>\n<meta property=\"article:modified_time\" content=\"2026-04-24T11:50:29+00:00\" \/>\n<meta name=\"twitter:card\" content=\"summary_large_image\" \/>\n<meta name=\"twitter:label1\" content=\"Tiempo de lectura\" \/>\n\t<meta name=\"twitter:data1\" content=\"1 minuto\" \/>\n<script type=\"application\/ld+json\" class=\"yoast-schema-graph\">{\"@context\":\"https:\/\/schema.org\",\"@graph\":[{\"@type\":\"WebPage\",\"@id\":\"https:\/\/www.asajacyl.com\/soria\/cuestionario-jornada-de-fertilizacion-sostenible-2026\",\"url\":\"https:\/\/www.asajacyl.com\/soria\/cuestionario-jornada-de-fertilizacion-sostenible-2026\",\"name\":\"Cuestionario Jornada de Fertilizaci\u00f3n Sostenible 2026 - ASAJA Soria\",\"isPartOf\":{\"@id\":\"https:\/\/www.asajacyl.com\/soria\/#website\"},\"primaryImageOfPage\":{\"@id\":\"https:\/\/www.asajacyl.com\/soria\/cuestionario-jornada-de-fertilizacion-sostenible-2026#primaryimage\"},\"image\":{\"@id\":\"https:\/\/www.asajacyl.com\/soria\/cuestionario-jornada-de-fertilizacion-sostenible-2026#primaryimage\"},\"thumbnailUrl\":\"https:\/\/www.asajacyl.com\/soria\/wp-content\/uploads\/sites\/9\/2017\/11\/im_predefinida_1920x1080.jpg\",\"datePublished\":\"2026-04-22T15:37:12+00:00\",\"dateModified\":\"2026-04-24T11:50:29+00:00\",\"breadcrumb\":{\"@id\":\"https:\/\/www.asajacyl.com\/soria\/cuestionario-jornada-de-fertilizacion-sostenible-2026#breadcrumb\"},\"inLanguage\":\"es\",\"potentialAction\":[{\"@type\":\"ReadAction\",\"target\":[\"https:\/\/www.asajacyl.com\/soria\/cuestionario-jornada-de-fertilizacion-sostenible-2026\"]}]},{\"@type\":\"ImageObject\",\"inLanguage\":\"es\",\"@id\":\"https:\/\/www.asajacyl.com\/soria\/cuestionario-jornada-de-fertilizacion-sostenible-2026#primaryimage\",\"url\":\"https:\/\/www.asajacyl.com\/soria\/wp-content\/uploads\/sites\/9\/2017\/11\/im_predefinida_1920x1080.jpg\",\"contentUrl\":\"https:\/\/www.asajacyl.com\/soria\/wp-content\/uploads\/sites\/9\/2017\/11\/im_predefinida_1920x1080.jpg\",\"width\":1920,\"height\":1080,\"caption\":\"Logotipo ASAJA Soria\"},{\"@type\":\"BreadcrumbList\",\"@id\":\"https:\/\/www.asajacyl.com\/soria\/cuestionario-jornada-de-fertilizacion-sostenible-2026#breadcrumb\",\"itemListElement\":[{\"@type\":\"ListItem\",\"position\":1,\"name\":\"Portada\",\"item\":\"https:\/\/www.asajacyl.com\/soria\/\"},{\"@type\":\"ListItem\",\"position\":2,\"name\":\"Cuestionario Jornada de Fertilizaci\u00f3n Sostenible 2026\"}]},{\"@type\":\"WebSite\",\"@id\":\"https:\/\/www.asajacyl.com\/soria\/#website\",\"url\":\"https:\/\/www.asajacyl.com\/soria\/\",\"name\":\"ASAJA Soria\",\"description\":\"Otro sitio m\u00e1s de Provincias ASAJA Castilla y Le\u00f3n\",\"potentialAction\":[{\"@type\":\"SearchAction\",\"target\":{\"@type\":\"EntryPoint\",\"urlTemplate\":\"https:\/\/www.asajacyl.com\/soria\/?s={search_term_string}\"},\"query-input\":{\"@type\":\"PropertyValueSpecification\",\"valueRequired\":true,\"valueName\":\"search_term_string\"}}],\"inLanguage\":\"es\"}]}<\/script>\n<!-- \/ Yoast SEO plugin. -->","yoast_head_json":{"title":"Cuestionario Jornada de Fertilizaci\u00f3n Sostenible 2026 - ASAJA Soria","robots":{"index":"index","follow":"follow","max-snippet":"max-snippet:-1","max-image-preview":"max-image-preview:large","max-video-preview":"max-video-preview:-1"},"canonical":"https:\/\/www.asajacyl.com\/soria\/cuestionario-jornada-de-fertilizacion-sostenible-2026","og_locale":"es_ES","og_type":"article","og_title":"Cuestionario Jornada de Fertilizaci\u00f3n Sostenible 2026 - ASAJA Soria","og_url":"https:\/\/www.asajacyl.com\/soria\/cuestionario-jornada-de-fertilizacion-sostenible-2026","og_site_name":"ASAJA Soria","article_modified_time":"2026-04-24T11:50:29+00:00","twitter_card":"summary_large_image","twitter_misc":{"Tiempo de lectura":"1 minuto"},"schema":{"@context":"https:\/\/schema.org","@graph":[{"@type":"WebPage","@id":"https:\/\/www.asajacyl.com\/soria\/cuestionario-jornada-de-fertilizacion-sostenible-2026","url":"https:\/\/www.asajacyl.com\/soria\/cuestionario-jornada-de-fertilizacion-sostenible-2026","name":"Cuestionario Jornada de Fertilizaci\u00f3n Sostenible 2026 - ASAJA Soria","isPartOf":{"@id":"https:\/\/www.asajacyl.com\/soria\/#website"},"primaryImageOfPage":{"@id":"https:\/\/www.asajacyl.com\/soria\/cuestionario-jornada-de-fertilizacion-sostenible-2026#primaryimage"},"image":{"@id":"https:\/\/www.asajacyl.com\/soria\/cuestionario-jornada-de-fertilizacion-sostenible-2026#primaryimage"},"thumbnailUrl":"https:\/\/www.asajacyl.com\/soria\/wp-content\/uploads\/sites\/9\/2017\/11\/im_predefinida_1920x1080.jpg","datePublished":"2026-04-22T15:37:12+00:00","dateModified":"2026-04-24T11:50:29+00:00","breadcrumb":{"@id":"https:\/\/www.asajacyl.com\/soria\/cuestionario-jornada-de-fertilizacion-sostenible-2026#breadcrumb"},"inLanguage":"es","potentialAction":[{"@type":"ReadAction","target":["https:\/\/www.asajacyl.com\/soria\/cuestionario-jornada-de-fertilizacion-sostenible-2026"]}]},{"@type":"ImageObject","inLanguage":"es","@id":"https:\/\/www.asajacyl.com\/soria\/cuestionario-jornada-de-fertilizacion-sostenible-2026#primaryimage","url":"https:\/\/www.asajacyl.com\/soria\/wp-content\/uploads\/sites\/9\/2017\/11\/im_predefinida_1920x1080.jpg","contentUrl":"https:\/\/www.asajacyl.com\/soria\/wp-content\/uploads\/sites\/9\/2017\/11\/im_predefinida_1920x1080.jpg","width":1920,"height":1080,"caption":"Logotipo ASAJA Soria"},{"@type":"BreadcrumbList","@id":"https:\/\/www.asajacyl.com\/soria\/cuestionario-jornada-de-fertilizacion-sostenible-2026#breadcrumb","itemListElement":[{"@type":"ListItem","position":1,"name":"Portada","item":"https:\/\/www.asajacyl.com\/soria\/"},{"@type":"ListItem","position":2,"name":"Cuestionario Jornada de Fertilizaci\u00f3n Sostenible 2026"}]},{"@type":"WebSite","@id":"https:\/\/www.asajacyl.com\/soria\/#website","url":"https:\/\/www.asajacyl.com\/soria\/","name":"ASAJA Soria","description":"Otro sitio m\u00e1s de Provincias ASAJA Castilla y Le\u00f3n","potentialAction":[{"@type":"SearchAction","target":{"@type":"EntryPoint","urlTemplate":"https:\/\/www.asajacyl.com\/soria\/?s={search_term_string}"},"query-input":{"@type":"PropertyValueSpecification","valueRequired":true,"valueName":"search_term_string"}}],"inLanguage":"es"}]}},"_links":{"self":[{"href":"https:\/\/www.asajacyl.com\/soria\/wp-json\/wp\/v2\/pages\/9915"}],"collection":[{"href":"https:\/\/www.asajacyl.com\/soria\/wp-json\/wp\/v2\/pages"}],"about":[{"href":"https:\/\/www.asajacyl.com\/soria\/wp-json\/wp\/v2\/types\/page"}],"author":[{"embeddable":true,"href":"https:\/\/www.asajacyl.com\/soria\/wp-json\/wp\/v2\/users\/3"}],"replies":[{"embeddable":true,"href":"https:\/\/www.asajacyl.com\/soria\/wp-json\/wp\/v2\/comments?post=9915"}],"version-history":[{"count":7,"href":"https:\/\/www.asajacyl.com\/soria\/wp-json\/wp\/v2\/pages\/9915\/revisions"}],"predecessor-version":[{"id":9937,"href":"https:\/\/www.asajacyl.com\/soria\/wp-json\/wp\/v2\/pages\/9915\/revisions\/9937"}],"wp:featuredmedia":[{"embeddable":true,"href":"https:\/\/www.asajacyl.com\/soria\/wp-json\/wp\/v2\/media\/293"}],"wp:attachment":[{"href":"https:\/\/www.asajacyl.com\/soria\/wp-json\/wp\/v2\/media?parent=9915"}],"curies":[{"name":"wp","href":"https:\/\/api.w.org\/{rel}","templated":true}]}}